{"id":30,"date":"2022-01-28T18:26:46","date_gmt":"2022-01-28T17:26:46","guid":{"rendered":"https:\/\/lafermeducoupdepot.fr\/?page_id=30"},"modified":"2023-08-10T11:26:12","modified_gmt":"2023-08-10T09:26:12","slug":"gite-sur-morbecque-2","status":"publish","type":"page","link":"https:\/\/lafermeducoupdepot.fr\/index.php\/gite-sur-morbecque-2\/","title":{"rendered":"LE G\u00ceTE"},"content":{"rendered":"<p>[et_pb_section fb_built=\u00a0\u00bb1&Prime; custom_padding_last_edited=\u00a0\u00bbon|desktop\u00a0\u00bb admin_label=\u00a0\u00bbsection\u00a0\u00bb _builder_version=\u00a0\u00bb4.16&Prime; background_color=\u00a0\u00bb#d6d2c4&Prime; custom_padding_tablet=\u00a0\u00bb50px|0|50px|0&Prime; custom_padding_phone=\u00a0\u00bb50px|0|50px|0&Prime; transparent_background=\u00a0\u00bboff\u00a0\u00bb padding_mobile=\u00a0\u00bboff\u00a0\u00bb make_fullwidth=\u00a0\u00bboff\u00a0\u00bb use_custom_width=\u00a0\u00bboff\u00a0\u00bb width_unit=\u00a0\u00bbon\u00a0\u00bb custom_width_px=\u00a0\u00bb1080px\u00a0\u00bb custom_width_percent=\u00a0\u00bb80%\u00a0\u00bb global_colors_info=\u00a0\u00bb{}\u00a0\u00bb][et_pb_row use_custom_gutter=\u00a0\u00bbon\u00a0\u00bb gutter_width=\u00a0\u00bb1&Prime; padding_mobile=\u00a0\u00bboff\u00a0\u00bb column_padding_mobile=\u00a0\u00bbon\u00a0\u00bb admin_label=\u00a0\u00bbLigne\u00a0\u00bb _builder_version=\u00a0\u00bb4.22.0&Prime; background_size=\u00a0\u00bbinitial\u00a0\u00bb background_position=\u00a0\u00bbtop_left\u00a0\u00bb background_repeat=\u00a0\u00bbrepeat\u00a0\u00bb max_width=\u00a0\u00bb80%\u00a0\u00bb hover_enabled=\u00a0\u00bb0&Prime; make_fullwidth=\u00a0\u00bboff\u00a0\u00bb use_custom_width=\u00a0\u00bbon\u00a0\u00bb width_unit=\u00a0\u00bboff\u00a0\u00bb custom_width_px=\u00a0\u00bb1080px\u00a0\u00bb custom_width_percent=\u00a0\u00bb80%\u00a0\u00bb global_colors_info=\u00a0\u00bb{}\u00a0\u00bb width=\u00a0\u00bb52%\u00a0\u00bb sticky_enabled=\u00a0\u00bb0&Prime;][et_pb_column type=\u00a0\u00bb4_4&Prime; _builder_version=\u00a0\u00bb4.16&Prime; custom_padding=\u00a0\u00bb|||\u00a0\u00bb global_colors_info=\u00a0\u00bb{}\u00a0\u00bb custom_padding__hover=\u00a0\u00bb|||\u00a0\u00bb][et_pb_gallery gallery_ids=\u00a0\u00bb148,150,151,152,149,153&Prime; fullwidth=\u00a0\u00bbon\u00a0\u00bb admin_label=\u00a0\u00bbGalerie\u00a0\u00bb _builder_version=\u00a0\u00bb4.22.0&Prime; caption_all_caps=\u00a0\u00bboff\u00a0\u00bb auto=\u00a0\u00bbon\u00a0\u00bb use_border_color=\u00a0\u00bboff\u00a0\u00bb border_color=\u00a0\u00bb#ffffff\u00a0\u00bb border_style=\u00a0\u00bbsolid\u00a0\u00bb global_colors_info=\u00a0\u00bb{}\u00a0\u00bb] [\/et_pb_gallery][\/et_pb_column][\/et_pb_row][et_pb_row padding_mobile=\u00a0\u00bboff\u00a0\u00bb column_padding_mobile=\u00a0\u00bbon\u00a0\u00bb admin_label=\u00a0\u00bbrow\u00a0\u00bb _builder_version=\u00a0\u00bb4.16&Prime; background_size=\u00a0\u00bbinitial\u00a0\u00bb background_position=\u00a0\u00bbtop_left\u00a0\u00bb background_repeat=\u00a0\u00bbrepeat\u00a0\u00bb make_fullwidth=\u00a0\u00bboff\u00a0\u00bb use_custom_width=\u00a0\u00bboff\u00a0\u00bb width_unit=\u00a0\u00bboff\u00a0\u00bb custom_width_px=\u00a0\u00bb1080px\u00a0\u00bb custom_width_percent=\u00a0\u00bb80%\u00a0\u00bb global_colors_info=\u00a0\u00bb{}\u00a0\u00bb][et_pb_column type=\u00a0\u00bb4_4&Prime; _builder_version=\u00a0\u00bb4.16&Prime; custom_padding=\u00a0\u00bb|||\u00a0\u00bb global_colors_info=\u00a0\u00bb{}\u00a0\u00bb custom_padding__hover=\u00a0\u00bb|||\u00a0\u00bb][et_pb_text admin_label=\u00a0\u00bbText\u00a0\u00bb _builder_version=\u00a0\u00bb4.16&Prime; background_size=\u00a0\u00bbinitial\u00a0\u00bb background_position=\u00a0\u00bbtop_left\u00a0\u00bb background_repeat=\u00a0\u00bbrepeat\u00a0\u00bb use_border_color=\u00a0\u00bboff\u00a0\u00bb border_style=\u00a0\u00bbsolid\u00a0\u00bb global_colors_info=\u00a0\u00bb{}\u00a0\u00bb]<\/p>\n<p>Notre g\u00eete se situe dans un ancien corps de ferme.\u00a0 C\u2019est un Plein pied fraichement r\u00e9nov\u00e9, mitoyen \u00e0 2 chambres d\u2019h\u00f4tes ayant un acc\u00e8s ind\u00e9pendant de la maison des propri\u00e9taires.<\/p>\n<p>S\u00e9jour avec coin cuisine\u00a0: plaque vitroc\u00e9ramique, Four, Micro-ondes, cafeti\u00e8re, frigo-cong\u00e9lateur, lave-linge, fer et table \u00e0 repasser. TV Ecran plat (80 cm) avec canap\u00e9 clic-clac.<\/p>\n<p>Une chambre avec un lit de 160&#215;200 ou 2 lits de 80&#215;200, armoire avec un cot\u00e9 penderie et un cot\u00e9 rangement, le linge de lit est fourni, lit et chaise b\u00e9b\u00e9 \u00e0 disposition. Salle d\u2019eau douche et WC.<\/p>\n<p>Chauffage \u00e9lectrique, charges comprises.<\/p>\n<p>Vous aurez un acc\u00e8s WIFI gratuit et un parking priv\u00e9 dans la cour int\u00e9rieure du corps de ferme. Pelouse non close de 500 m\u00b2 avec terrasse et salon de jardin.<\/p>\n<p>[\/et_pb_text][et_pb_social_media_follow admin_label=\u00a0\u00bbSuivez-nous sur les r\u00e9seaux sociaux\u00a0\u00bb _builder_version=\u00a0\u00bb4.16&Prime; link_shape=\u00a0\u00bbrounded_rectangle\u00a0\u00bb global_colors_info=\u00a0\u00bb{}\u00a0\u00bb][et_pb_social_media_follow_network social_network=\u00a0\u00bbfacebook\u00a0\u00bb _builder_version=\u00a0\u00bb4.16&Prime; background_color=\u00a0\u00bb#3b5998&Prime; bg_color=\u00a0\u00bb#3b5998&Prime; global_colors_info=\u00a0\u00bb{}\u00a0\u00bb follow_button=\u00a0\u00bboff\u00a0\u00bb url_new_window=\u00a0\u00bbon\u00a0\u00bb]facebook[\/et_pb_social_media_follow_network][\/et_pb_social_media_follow][\/et_pb_column][\/et_pb_row][\/et_pb_section]<\/p>\n","protected":false},"excerpt":{"rendered":"<p>Notre g\u00eete se situe dans un ancien corps de ferme.\u00a0 C\u2019est un Plein pied fraichement r\u00e9nov\u00e9, mitoyen \u00e0 2 chambres d\u2019h\u00f4tes ayant un acc\u00e8s ind\u00e9pendant de la maison des propri\u00e9taires.S\u00e9jour avec coin cuisine\u00a0: plaque vitroc\u00e9ramique, Four, Micro-ondes, cafeti\u00e8re, frigo-cong\u00e9lateur, lave-linge, fer et table \u00e0 repasser. TV Ecran plat (80 cm) avec canap\u00e9 clic-clac.Une chambre avec [&hellip;]<\/p>\n","protected":false},"author":1,"featured_media":0,"parent":0,"menu_order":0,"comment_status":"closed","ping_status":"closed","template":"","meta":{"_et_pb_use_builder":"on","_et_pb_old_content":"","_et_gb_content_width":"","footnotes":""},"class_list":["post-30","page","type-page","status-publish","hentry"],"yoast_head":"<!-- This site is optimized with the Yoast SEO plugin v27.5 - https:\/\/yoast.com\/product\/yoast-seo-wordpress\/ -->\n<title>G\u00eete sur Morbecque - La Ferme du Coup de Pot<\/title>\n<meta name=\"description\" content=\"Venez r\u00e9server votre location dans un g\u00eete de 2 personnes pour vos vacances ou pour le travail. G\u00eete plaisir de vous accueillir\" \/>\n<meta name=\"robots\" content=\"index, follow, max-snippet:-1, max-image-preview:large, max-video-preview:-1\" \/>\n<link rel=\"canonical\" href=\"https:\/\/lafermeducoupdepot.fr\/index.php\/gite-sur-morbecque-2\/\" \/>\n<meta property=\"og:locale\" content=\"fr_FR\" \/>\n<meta property=\"og:type\" content=\"article\" \/>\n<meta property=\"og:title\" content=\"G\u00eete sur Morbecque - La Ferme du Coup de Pot\" \/>\n<meta property=\"og:description\" content=\"Venez r\u00e9server votre location dans un g\u00eete de 2 personnes pour vos vacances ou pour le travail. G\u00eete plaisir de vous accueillir\" \/>\n<meta property=\"og:url\" content=\"https:\/\/lafermeducoupdepot.fr\/index.php\/gite-sur-morbecque-2\/\" \/>\n<meta property=\"og:site_name\" content=\"La Ferme du Coup de Pot\" \/>\n<meta property=\"article:modified_time\" content=\"2023-08-10T09:26:12+00:00\" \/>\n<meta name=\"twitter:card\" content=\"summary_large_image\" \/>\n<meta name=\"twitter:label1\" content=\"Dur\u00e9e de lecture estim\u00e9e\" \/>\n\t<meta name=\"twitter:data1\" content=\"2 minutes\" \/>\n<script type=\"application\/ld+json\" class=\"yoast-schema-graph\">{\"@context\":\"https:\\\/\\\/schema.org\",\"@graph\":[{\"@type\":\"WebPage\",\"@id\":\"https:\\\/\\\/lafermeducoupdepot.fr\\\/index.php\\\/gite-sur-morbecque-2\\\/\",\"url\":\"https:\\\/\\\/lafermeducoupdepot.fr\\\/index.php\\\/gite-sur-morbecque-2\\\/\",\"name\":\"G\u00eete sur Morbecque - La Ferme du Coup de Pot\",\"isPartOf\":{\"@id\":\"https:\\\/\\\/lafermeducoupdepot.fr\\\/#website\"},\"datePublished\":\"2022-01-28T17:26:46+00:00\",\"dateModified\":\"2023-08-10T09:26:12+00:00\",\"description\":\"Venez r\u00e9server votre location dans un g\u00eete de 2 personnes pour vos vacances ou pour le travail. G\u00eete plaisir de vous accueillir\",\"breadcrumb\":{\"@id\":\"https:\\\/\\\/lafermeducoupdepot.fr\\\/index.php\\\/gite-sur-morbecque-2\\\/#breadcrumb\"},\"inLanguage\":\"fr-FR\",\"potentialAction\":[{\"@type\":\"ReadAction\",\"target\":[\"https:\\\/\\\/lafermeducoupdepot.fr\\\/index.php\\\/gite-sur-morbecque-2\\\/\"]}]},{\"@type\":\"BreadcrumbList\",\"@id\":\"https:\\\/\\\/lafermeducoupdepot.fr\\\/index.php\\\/gite-sur-morbecque-2\\\/#breadcrumb\",\"itemListElement\":[{\"@type\":\"ListItem\",\"position\":1,\"name\":\"Home\",\"item\":\"https:\\\/\\\/lafermeducoupdepot.fr\\\/\"},{\"@type\":\"ListItem\",\"position\":2,\"name\":\"LE G\u00ceTE\"}]},{\"@type\":\"WebSite\",\"@id\":\"https:\\\/\\\/lafermeducoupdepot.fr\\\/#website\",\"url\":\"https:\\\/\\\/lafermeducoupdepot.fr\\\/\",\"name\":\"La Ferme du Coup de Pot\",\"description\":\"Chambres d&#039;H\u00f4tes et G\u00eete sur Morbecque\",\"potentialAction\":[{\"@type\":\"SearchAction\",\"target\":{\"@type\":\"EntryPoint\",\"urlTemplate\":\"https:\\\/\\\/lafermeducoupdepot.fr\\\/?s={search_term_string}\"},\"query-input\":{\"@type\":\"PropertyValueSpecification\",\"valueRequired\":true,\"valueName\":\"search_term_string\"}}],\"inLanguage\":\"fr-FR\"}]}<\/script>\n<!-- \/ Yoast SEO plugin. -->","yoast_head_json":{"title":"G\u00eete sur Morbecque - La Ferme du Coup de Pot","description":"Venez r\u00e9server votre location dans un g\u00eete de 2 personnes pour vos vacances ou pour le travail. G\u00eete plaisir de vous accueillir","robots":{"index":"index","follow":"follow","max-snippet":"max-snippet:-1","max-image-preview":"max-image-preview:large","max-video-preview":"max-video-preview:-1"},"canonical":"https:\/\/lafermeducoupdepot.fr\/index.php\/gite-sur-morbecque-2\/","og_locale":"fr_FR","og_type":"article","og_title":"G\u00eete sur Morbecque - La Ferme du Coup de Pot","og_description":"Venez r\u00e9server votre location dans un g\u00eete de 2 personnes pour vos vacances ou pour le travail. G\u00eete plaisir de vous accueillir","og_url":"https:\/\/lafermeducoupdepot.fr\/index.php\/gite-sur-morbecque-2\/","og_site_name":"La Ferme du Coup de Pot","article_modified_time":"2023-08-10T09:26:12+00:00","twitter_card":"summary_large_image","twitter_misc":{"Dur\u00e9e de lecture estim\u00e9e":"2 minutes"},"schema":{"@context":"https:\/\/schema.org","@graph":[{"@type":"WebPage","@id":"https:\/\/lafermeducoupdepot.fr\/index.php\/gite-sur-morbecque-2\/","url":"https:\/\/lafermeducoupdepot.fr\/index.php\/gite-sur-morbecque-2\/","name":"G\u00eete sur Morbecque - La Ferme du Coup de Pot","isPartOf":{"@id":"https:\/\/lafermeducoupdepot.fr\/#website"},"datePublished":"2022-01-28T17:26:46+00:00","dateModified":"2023-08-10T09:26:12+00:00","description":"Venez r\u00e9server votre location dans un g\u00eete de 2 personnes pour vos vacances ou pour le travail. G\u00eete plaisir de vous accueillir","breadcrumb":{"@id":"https:\/\/lafermeducoupdepot.fr\/index.php\/gite-sur-morbecque-2\/#breadcrumb"},"inLanguage":"fr-FR","potentialAction":[{"@type":"ReadAction","target":["https:\/\/lafermeducoupdepot.fr\/index.php\/gite-sur-morbecque-2\/"]}]},{"@type":"BreadcrumbList","@id":"https:\/\/lafermeducoupdepot.fr\/index.php\/gite-sur-morbecque-2\/#breadcrumb","itemListElement":[{"@type":"ListItem","position":1,"name":"Home","item":"https:\/\/lafermeducoupdepot.fr\/"},{"@type":"ListItem","position":2,"name":"LE G\u00ceTE"}]},{"@type":"WebSite","@id":"https:\/\/lafermeducoupdepot.fr\/#website","url":"https:\/\/lafermeducoupdepot.fr\/","name":"La Ferme du Coup de Pot","description":"Chambres d&#039;H\u00f4tes et G\u00eete sur Morbecque","potentialAction":[{"@type":"SearchAction","target":{"@type":"EntryPoint","urlTemplate":"https:\/\/lafermeducoupdepot.fr\/?s={search_term_string}"},"query-input":{"@type":"PropertyValueSpecification","valueRequired":true,"valueName":"search_term_string"}}],"inLanguage":"fr-FR"}]}},"_links":{"self":[{"href":"https:\/\/lafermeducoupdepot.fr\/index.php\/wp-json\/wp\/v2\/pages\/30","targetHints":{"allow":["GET"]}}],"collection":[{"href":"https:\/\/lafermeducoupdepot.fr\/index.php\/wp-json\/wp\/v2\/pages"}],"about":[{"href":"https:\/\/lafermeducoupdepot.fr\/index.php\/wp-json\/wp\/v2\/types\/page"}],"author":[{"embeddable":true,"href":"https:\/\/lafermeducoupdepot.fr\/index.php\/wp-json\/wp\/v2\/users\/1"}],"replies":[{"embeddable":true,"href":"https:\/\/lafermeducoupdepot.fr\/index.php\/wp-json\/wp\/v2\/comments?post=30"}],"version-history":[{"count":6,"href":"https:\/\/lafermeducoupdepot.fr\/index.php\/wp-json\/wp\/v2\/pages\/30\/revisions"}],"predecessor-version":[{"id":376,"href":"https:\/\/lafermeducoupdepot.fr\/index.php\/wp-json\/wp\/v2\/pages\/30\/revisions\/376"}],"wp:attachment":[{"href":"https:\/\/lafermeducoupdepot.fr\/index.php\/wp-json\/wp\/v2\/media?parent=30"}],"curies":[{"name":"wp","href":"https:\/\/api.w.org\/{rel}","templated":true}]}}